{"id":3846,"date":"2024-08-21T08:45:48","date_gmt":"2024-08-21T08:45:48","guid":{"rendered":"https:\/\/socialtm.ro\/CARE4U\/?page_id=3846"},"modified":"2024-11-20T23:42:52","modified_gmt":"2024-11-20T21:42:52","slug":"cerinte-educationale-speciale","status":"publish","type":"page","link":"https:\/\/socialtm.ro\/CARE4U\/cerinte-educationale-speciale\/","title":{"rendered":"Cerin\u021be Educa\u021bionale Speciale"},"content":{"rendered":"\t\t<div data-elementor-type=\"wp-page\" data-elementor-id=\"3846\" class=\"elementor elementor-3846\">\n\t\t\t\t<div class=\"elementor-element elementor-element-a4494bc e-flex e-con-boxed e-con e-parent\" data-id=\"a4494bc\" data-element_type=\"container\" data-e-type=\"container\">\n\t\t\t\t\t<div class=\"e-con-inner\">\n\t\t\t\t<div class=\"elementor-element elementor-element-4238a9f elementor-widget elementor-widget-text-editor\" data-id=\"4238a9f\" data-element_type=\"widget\" data-e-type=\"widget\" data-widget_type=\"text-editor.default\">\n\t\t\t\t<div class=\"elementor-widget-container\">\n\t\t\t\t\t\t\t\t\t<p><b>CERIN\u0162E DEUCA\u0162IONALE SPECIALE (CES) <\/b><span style=\"font-weight: 400;\">reprezint\u0103 nevoia de adaptare la mediul educa\u0163ional a copiilor cu un diagnostic \u015fi\/sau cu un QI spre limita inferioar\u0103.<\/span><\/p><p><span style=\"font-weight: 400;\">Copilul\/elevul cu CES poate prezenta:\u00a0<\/span><\/p><ul><li style=\"font-weight: 400;\" aria-level=\"1\"><span style=\"font-weight: 400;\">Tulbur\u0103ri specifice de \u00eenv\u0103\u0163are (TSA)<\/span><\/li><li style=\"font-weight: 400;\" aria-level=\"1\"><span style=\"font-weight: 400;\">Deficien\u0163e mentale u\u015foare\/accentuate\/severe<\/span><\/li><li style=\"font-weight: 400;\" aria-level=\"1\"><span style=\"font-weight: 400;\">Deficien\u0163e senzoriale (vizuale, auditive)<\/span><\/li><li style=\"font-weight: 400;\" aria-level=\"1\"><span style=\"font-weight: 400;\">Dizabilit\u0103\u0163i fizice-motorii \u015fi neuromotorii<\/span><\/li><\/ul><p><span style=\"font-weight: 400;\">Certificatul CES ese un document care ofer\u0103 copilului drepturi educa\u0163ionale \u015fi financiare.<\/span><\/p><p><span style=\"font-weight: 400;\">Eliberarea acestui document nu este obligatorie, familia decide dac\u0103 face demesuri necesare pentru eliberarea acestui certificat.<\/span><\/p><p><b>Pa\u015fi \u00een ob\u0163inerea CES:<\/b><\/p><ul><li style=\"font-weight: 400;\" aria-level=\"1\"><span style=\"font-weight: 400;\">programarea la medicul specialist pentru eliberarea Fi\u015fei medicale A5<\/span><\/li><li style=\"font-weight: 400;\" aria-level=\"1\"><span style=\"font-weight: 400;\">evaluare psihologic\u0103\u00a0<\/span><\/li><li style=\"font-weight: 400;\" aria-level=\"1\"><span style=\"font-weight: 400;\">dosar cu documente \u2013 act identitate al copilului, p\u0103rin\u0163ilor, certificat divor\u0163 (dac\u0103 este cazul), ancheta social\u0103 realizat\u0103 de SPAS, Fi\u015f\u0103 medical\u0103 sintetic\u0103 (de la medicul de familie), Fi\u015f\u0103 psihopedagogic\u0103, Foaie matricol\u0103 (dac\u0103 exist\u0103), certificat de handicap, dac\u0103 exist\u0103,<\/span><\/li><li style=\"font-weight: 400;\" aria-level=\"1\"><span style=\"font-weight: 400;\">programare la CJRAE pentru depunerea dosarului,<\/span><\/li><li style=\"font-weight: 400;\" aria-level=\"1\"><span style=\"font-weight: 400;\">Eliberarea certificatului poate dura cel mult 3 s\u0103pt\u0103m\u00e2ni<\/span><\/li><\/ul><p><b>La ce ajut\u0103 Certificatul CES?<\/b><\/p><ul><li style=\"font-weight: 400;\" aria-level=\"1\"><span style=\"font-weight: 400;\">Men\u0163ioneaz\u0103 diagnosticul copilului<\/span><\/li><li style=\"font-weight: 400;\" aria-level=\"1\"><span style=\"font-weight: 400;\">Men\u0163ioneaz\u0103 dac\u0103 \u015fcoala este de mas\u0103 sau special\u0103 \u00een care va \u00eenv\u0103\u0163a copilul<\/span><\/li><li style=\"font-weight: 400;\" aria-level=\"1\"><span style=\"font-weight: 400;\">Se men\u0163ioneaz\u0103 dac\u0103 copilul are nevoie de profesor de sprijin<\/span><\/li><li style=\"font-weight: 400;\" aria-level=\"1\"><span style=\"font-weight: 400;\">Se men\u0163ioneaz\u0103 regimul de \u015fcolarizare- de zi sau la domiciliu<\/span><\/li><li style=\"font-weight: 400;\" aria-level=\"1\"><span style=\"font-weight: 400;\">Se men\u0163ioneaz\u0103 sprijin educa\u0163ional adaptat copilului<\/span><\/li><li style=\"font-weight: 400;\" aria-level=\"1\"><span style=\"font-weight: 400;\">Precizeaz\u0103 valabilitatea documentuli.<\/span><\/li><\/ul><p><b>Drepturile copilului cu certificat CES:<\/b><\/p><ul><li style=\"font-weight: 400;\" aria-level=\"1\"><span style=\"font-weight: 400;\">Dreptul la profesor de sprijin<\/span><\/li><li style=\"font-weight: 400;\" aria-level=\"1\"><span style=\"font-weight: 400;\">Dreptul la program\u0103 adaptat\u0103 nevoilor sale<\/span><\/li><li style=\"font-weight: 400;\" aria-level=\"1\"><span style=\"font-weight: 400;\">PPI realizat de proferorul de sprijin<\/span><\/li><li style=\"font-weight: 400;\" aria-level=\"1\"><span style=\"font-weight: 400;\">Condi\u0163ii speciale de examinare<\/span><\/li><li style=\"font-weight: 400;\" aria-level=\"1\"><span style=\"font-weight: 400;\">Dreptul la \u00eenso\u0163itor care s\u0103-l ajute la integrare \u00een grup ( aceast\u0103 persoan\u0103 este pl\u0103tit\u0103 de familie)<\/span><\/li><li style=\"font-weight: 400;\" aria-level=\"1\"><span style=\"font-weight: 400;\">Asigurarea aloca\u0163iei zilnice de hran\u0103, a rechizitelor \u015fcolare, a cazarmamentului, a \u00eembrac\u0103mintei \u015fi a \u00eenc\u0103l\u0163\u0103mintei \u00een cuantum egal cu cel pentru copii afla\u0163i \u00een sistemul de protec\u0163ie a copilului<\/span><\/li><li style=\"font-weight: 400;\" aria-level=\"1\"><span style=\"font-weight: 400;\">Burs\u0103 medical\u0103 dac\u0103 diagnosticul copilului este conform Ordinului 5379\/2022, art 15, lit.C<\/span><\/li><li style=\"font-weight: 400;\" aria-level=\"1\"><span style=\"font-weight: 400;\">G\u0103zduire gratuit\u0103 \u00een internate sau centre de asistare pentru copii cu cerin\u0163e speciale.<\/span><\/li><\/ul><p><span style=\"font-weight: 400;\">Drepturile se acord\u0103 pe baza unei cereri scrise, depus\u0103 de p\u0103rinte \u00een perioada 1-30 septembrie a fiec\u0103rui an \u015fcolar.<\/span><\/p><p><b>Reducerea programului de lucru pentru p\u0103rintele care are \u00een \u00eengrijire un copil cu handicap- <\/b><span style=\"font-weight: 400;\">Conform legii 448\/2006 se acord\u0103 program de lucru redus la 4 ore pentru p\u0103rintele care are \u00een \u00eengrijire copilul cu handicap grav sau accentuat, p\u00e2n\u0103 la \u00eemplinirea de c\u0103tre acesta a v\u00e2rstei de 18 ani, la solicitarea p\u0103rintelui \u015fi<\/span> <span style=\"font-weight: 400;\">poate benefia de un \u201estimulent de inser\u021bie\u201d \u00een valoare lunar\u0103 de 650 de lei.<\/span><\/p><p><b>Acte necesare ob\u021binerii stimulentului de inser\u021bie pentru p\u0103rintele cu program redus la 4 ore<\/b><span style=\"font-weight: 400;\">:<\/span><\/p><p><span style=\"font-weight: 400;\">Obligatorii pentru toate situa\u021biile (acte \u00een copii + originale):<\/span><\/p><ul><li><span style=\"font-weight: 400;\"> actul de identitate p\u0103rin\u021bi;<\/span><\/li><li><span style=\"font-weight: 400;\"> certificat na\u0219tere copil \u2013 copie \u0219i original;<\/span><\/li><li><span style=\"font-weight: 400;\"> certificat de c\u0103s\u0103torie \u2013 copie \u0219i original;<\/span><\/li><li><span style=\"font-weight: 400;\"> certificatul de \u00eencadrare \u00eentr-un grad de handicap.<\/span><\/li><li><span style=\"font-weight: 400;\"> Declara\u021bie privind prelucrarea datelor cu caracter personal<\/span><\/li><li><span style=\"font-weight: 400;\"> Opis dosar<\/span><\/li><\/ul><p><span style=\"font-weight: 400;\">\u00cen anumite cazuri se pot solicita \u0219i:<\/span><\/p><ul><li><span style=\"font-weight: 400;\"> acte doveditoare privind componen\u021ba familiei, filia\u021bia copiilor \u0219i situa\u021bia lor juridic\u0103;<\/span><\/li><li><span style=\"font-weight: 400;\"> adeverin\u021b\u0103\/decizie suspendare activitate angajator;<\/span><\/li><li><span style=\"font-weight: 400;\"> adeverin\u021b\u0103 eliberat\u0103 de c\u0103tre Administra\u021bia Financiar\u0103;<\/span><\/li><li><span style=\"font-weight: 400;\"> extras de cont \u00een original cu semnatura \u0219i \u0219tampila b\u0103ncii pe numele titularului (dac\u0103 se dore\u0219te plata \u00een cont);<\/span><\/li><li><span style=\"font-weight: 400;\"> alte acte.<\/span><\/li><\/ul>\t\t\t\t\t\t\t\t<\/div>\n\t\t\t\t<\/div>\n\t\t\t\t\t<\/div>\n\t\t\t\t<\/div>\n\t\t<div class=\"elementor-element elementor-element-d54b643 e-grid e-con-boxed e-con e-parent\" data-id=\"d54b643\" data-element_type=\"container\" data-e-type=\"container\">\n\t\t\t\t\t<div class=\"e-con-inner\">\n\t\t\t\t<div class=\"elementor-element elementor-element-20620a2 elementor-view-default elementor-widget elementor-widget-icon\" data-id=\"20620a2\" data-element_type=\"widget\" data-e-type=\"widget\" data-widget_type=\"icon.default\">\n\t\t\t\t<div class=\"elementor-widget-container\">\n\t\t\t\t\t\t\t<div class=\"elementor-icon-wrapper\">\n\t\t\t<a class=\"elementor-icon\" href=\"https:\/\/socialtm.ro\/CARE4U\/interventia-timpurie\/\">\n\t\t\t<svg aria-hidden=\"true\" class=\"e-font-icon-svg e-far-arrow-alt-circle-left\" viewBox=\"0 0 512 512\" xmlns=\"http:\/\/www.w3.org\/2000\/svg\"><path d=\"M8 256c0 137 111 248 248 248s248-111 248-248S393 8 256 8 8 119 8 256zm448 0c0 110.5-89.5 200-200 200S56 366.5 56 256 145.5 56 256 56s200 89.5 200 200zm-72-20v40c0 6.6-5.4 12-12 12H256v67c0 10.7-12.9 16-20.5 8.5l-99-99c-4.7-4.7-4.7-12.3 0-17l99-99c7.6-7.6 20.5-2.2 20.5 8.5v67h116c6.6 0 12 5.4 12 12z\"><\/path><\/svg>\t\t\t<\/a>\n\t\t<\/div>\n\t\t\t\t\t\t<\/div>\n\t\t\t\t<\/div>\n\t\t\t\t<div class=\"elementor-element elementor-element-e77afc7 elementor-view-default elementor-widget elementor-widget-icon\" data-id=\"e77afc7\" data-element_type=\"widget\" data-e-type=\"widget\" data-widget_type=\"icon.default\">\n\t\t\t\t<div class=\"elementor-widget-container\">\n\t\t\t\t\t\t\t<div class=\"elementor-icon-wrapper\">\n\t\t\t<a class=\"elementor-icon\" href=\"https:\/\/socialtm.ro\/CARE4U\/incadrarea-in-grad-de-handicap\/\">\n\t\t\t<svg aria-hidden=\"true\" class=\"e-font-icon-svg e-far-arrow-alt-circle-right\" viewBox=\"0 0 512 512\" xmlns=\"http:\/\/www.w3.org\/2000\/svg\"><path d=\"M504 256C504 119 393 8 256 8S8 119 8 256s111 248 248 248 248-111 248-248zm-448 0c0-110.5 89.5-200 200-200s200 89.5 200 200-89.5 200-200 200S56 366.5 56 256zm72 20v-40c0-6.6 5.4-12 12-12h116v-67c0-10.7 12.9-16 20.5-8.5l99 99c4.7 4.7 4.7 12.3 0 17l-99 99c-7.6 7.6-20.5 2.2-20.5-8.5v-67H140c-6.6 0-12-5.4-12-12z\"><\/path><\/svg>\t\t\t<\/a>\n\t\t<\/div>\n\t\t\t\t\t\t<\/div>\n\t\t\t\t<\/div>\n\t\t\t\t\t<\/div>\n\t\t\t\t<\/div>\n\t\t\t\t<\/div>\n\t\t","protected":false},"excerpt":{"rendered":"<p>CERIN\u0162E DEUCA\u0162IONALE SPECIALE (CES) reprezint\u0103 nevoia de adaptare la mediul educa\u0163ional a copiilor cu un diagnostic \u015fi\/sau cu un QI spre limita inferioar\u0103. Copilul\/elevul cu CES poate prezenta:\u00a0 Tulbur\u0103ri specifice de \u00eenv\u0103\u0163are (TSA) Deficien\u0163e mentale u\u015foare\/accentuate\/severe Deficien\u0163e senzoriale (vizuale, auditive) Dizabilit\u0103\u0163i fizice-motorii \u015fi neuromotorii Certificatul CES ese un document care ofer\u0103 copilului drepturi educa\u0163ionale \u015fi [&hellip;]<\/p>\n","protected":false},"author":1,"featured_media":0,"parent":0,"menu_order":0,"comment_status":"closed","ping_status":"closed","template":"elementor_theme","meta":{"site-sidebar-layout":"default","site-content-layout":"","ast-site-content-layout":"default","site-content-style":"default","site-sidebar-style":"default","ast-global-header-display":"","ast-banner-title-visibility":"","ast-main-header-display":"","ast-hfb-above-header-display":"","ast-hfb-below-header-display":"","ast-hfb-mobile-header-display":"","site-post-title":"","ast-breadcrumbs-content":"","ast-featured-img":"","footer-sml-layout":"","theme-transparent-header-meta":"default","adv-header-id-meta":"","stick-header-meta":"","header-above-stick-meta":"","header-main-stick-meta":"","header-below-stick-meta":"","astra-migrate-meta-layouts":"set","ast-page-background-enabled":"default","ast-page-background-meta":{"desktop":{"background-color":"","background-image":"","background-repeat":"repeat","background-position":"center center","background-size":"auto","background-attachment":"scroll","background-type":"","background-media":"","overlay-type":"","overlay-color":"","overlay-opacity":"","overlay-gradient":""},"tablet":{"background-color":"","background-image":"","background-repeat":"repeat","background-position":"center center","background-size":"auto","background-attachment":"scroll","background-type":"","background-media":"","overlay-type":"","overlay-color":"","overlay-opacity":"","overlay-gradient":""},"mobile":{"background-color":"","background-image":"","background-repeat":"repeat","background-position":"center center","background-size":"auto","background-attachment":"scroll","background-type":"","background-media":"","overlay-type":"","overlay-color":"","overlay-opacity":"","overlay-gradient":""}},"ast-content-background-meta":{"desktop":{"background-color":"var(--ast-global-color-5)","background-image":"","background-repeat":"repeat","background-position":"center center","background-size":"auto","background-attachment":"scroll","background-type":"","background-media":"","overlay-type":"","overlay-color":"","overlay-opacity":"","overlay-gradient":""},"tablet":{"background-color":"var(--ast-global-color-5)","background-image":"","background-repeat":"repeat","background-position":"center center","background-size":"auto","background-attachment":"scroll","background-type":"","background-media":"","overlay-type":"","overlay-color":"","overlay-opacity":"","overlay-gradient":""},"mobile":{"background-color":"var(--ast-global-color-5)","background-image":"","background-repeat":"repeat","background-position":"center center","background-size":"auto","background-attachment":"scroll","background-type":"","background-media":"","overlay-type":"","overlay-color":"","overlay-opacity":"","overlay-gradient":""}},"footnotes":""},"class_list":["post-3846","page","type-page","status-publish","hentry"],"_links":{"self":[{"href":"https:\/\/socialtm.ro\/CARE4U\/wp-json\/wp\/v2\/pages\/3846","targetHints":{"allow":["GET"]}}],"collection":[{"href":"https:\/\/socialtm.ro\/CARE4U\/wp-json\/wp\/v2\/pages"}],"about":[{"href":"https:\/\/socialtm.ro\/CARE4U\/wp-json\/wp\/v2\/types\/page"}],"author":[{"embeddable":true,"href":"https:\/\/socialtm.ro\/CARE4U\/wp-json\/wp\/v2\/users\/1"}],"replies":[{"embeddable":true,"href":"https:\/\/socialtm.ro\/CARE4U\/wp-json\/wp\/v2\/comments?post=3846"}],"version-history":[{"count":19,"href":"https:\/\/socialtm.ro\/CARE4U\/wp-json\/wp\/v2\/pages\/3846\/revisions"}],"predecessor-version":[{"id":4214,"href":"https:\/\/socialtm.ro\/CARE4U\/wp-json\/wp\/v2\/pages\/3846\/revisions\/4214"}],"wp:attachment":[{"href":"https:\/\/socialtm.ro\/CARE4U\/wp-json\/wp\/v2\/media?parent=3846"}],"curies":[{"name":"wp","href":"https:\/\/api.w.org\/{rel}","templated":true}]}}