{"id":14,"date":"2024-05-10T08:11:22","date_gmt":"2024-05-10T08:11:22","guid":{"rendered":"https:\/\/socialtm.ro\/CARE4U\/?page_id=14"},"modified":"2024-11-27T21:40:36","modified_gmt":"2024-11-27T19:40:36","slug":"despre","status":"publish","type":"page","link":"https:\/\/socialtm.ro\/CARE4U\/despre\/","title":{"rendered":"Despre"},"content":{"rendered":"\t\t<div data-elementor-type=\"wp-page\" data-elementor-id=\"14\" class=\"elementor elementor-14\">\n\t\t\t\t<div class=\"elementor-element elementor-element-1bf35e97 e-flex e-con-boxed e-con e-parent\" data-id=\"1bf35e97\" data-element_type=\"container\" data-e-type=\"container\" data-settings=\"{&quot;background_background&quot;:&quot;classic&quot;}\">\n\t\t\t\t\t<div class=\"e-con-inner\">\n\t\t\t\t<div class=\"elementor-element elementor-element-269f2842 elementor-widget elementor-widget-text-editor\" data-id=\"269f2842\" data-element_type=\"widget\" data-e-type=\"widget\" data-widget_type=\"text-editor.default\">\n\t\t\t\t<div class=\"elementor-widget-container\">\n\t\t\t\t\t\t\t\t\t<h3 class=\"entry-title\">CARE4U \u2013 Abordare comunitar\u0103 pentru adul\u021bi care lucreaz\u0103 \u00een preven\u021bia dizabilit\u0103\u021bii la copiii mici<\/h3><p>Noi, Direc\u021bia de Asisten\u021b\u0103 Social\u0103 a Municipiului timi\u0219oara, \u00een calitate de furnizori publici de servicii sociale, avem printre beneficiarii no\u0219tri copiii cu dizabilit\u0103\u021bi din Timi\u0219oara. De nevoile lor ne ocup\u0103m la <strong>Centrul de Recuperare pentru Copii cu Dizabilit\u0103\u021bi \u201ePodul Lung\u201d<\/strong>, cu ajutorul speciali\u0219tilor ca asistent medical, fiziokinetoterapeut, kinetoterapeut, intructori de ergoterapie, psihopedagog, educatori, logoped etc.<\/p><p>\u00cen contextul acestui proiect noi ne-am propus s\u0103 ne \u00eendrept\u0103m aten\u021bia \u0219i spre p\u0103rin\u021bii lor, ale c\u0103ror vie\u021bi ajung inevitabil s\u0103 graviteze \u00een jurul copilului \u0219i mult mai pu\u021bin spre propriile nevoi.<\/p><p>Am analizat modul \u00een care se desf\u0103\u0219oar\u0103 efortul unui p\u0103rinte de a naviga \u00eentre legi, doctori, diver\u0219i speciali\u0219ti \u0219i institu\u021bii sau organiza\u021bii abilitate, pentru a oferi copilului cel mai bun context. Astfel am ajuns la concluzia c\u0103 ei merit\u0103 o <strong>re\u021bea de interven\u021bie a speciali\u0219tilor mult mai bine coordonat\u0103 \u0219i preg\u0103tit\u0103<\/strong> s\u0103 abordeze integrat situa\u021bia unei familii speciale. A\u0219a c\u0103 am invitat institu\u021biile \u0219i speciali\u0219tii din ora\u0219 s\u0103 creeze \u00eempreun\u0103 la o <strong>metodologie de lucru pentru abordarea integrat\u0103 timpurie a cazurilor de dizabilitate la copii<\/strong>.<\/p><p>Cu siguran\u021b\u0103 este nevoie \u0219i de surse de informare mai bune pentru problemele cu care se confrunt\u0103 familiile, a\u0219a c\u0103 am \u00eenceput dezvoltarea acestui website care ne propunem s\u0103 serveasc\u0103 drept <strong>prim punct de contact c\u0103tre informa\u021bii oficiale \u0219i utile<\/strong> \u0219i a unui mic <strong>ghid<\/strong> sub form\u0103 de bro\u0219ur\u0103 at\u00e2t \u00een forma print c\u00e2t \u0219i digital.<\/p><p>\u00cen plus, \u0219tiind c\u0103 p\u0103rin\u021bii nu \u00ee\u0219i mai ofer\u0103 timp pentru propria dezvoltare, ne-am propus s\u0103-i sprijinim, prin metode de educa\u021bie non-formal\u0103, s\u0103 capete <strong>competen\u021be de comunicare, IT \u0219i limba englez\u0103<\/strong> mai bune, acestea fiind competen\u021be de baz\u0103 pe pia\u021ba muncii de ast\u0103zi. Ne-am g\u00e2ndit \u0219i la sprijinul emo\u021bional absolut necesar, care s-a concretizat prin <strong>grupuri de dezvoltare personal\u0103\/ consiliere psihologic\u0103<\/strong> facilitate de un psiholog cu experien\u021b\u0103.<\/p><p>\u0218i nu \u00een ultimul r\u00e2nd, pentru c\u0103 noi, publicul larg ar trebui s\u0103 \u0219tim mai multe lucruri despre dizabilitate, astfel \u00eenc\u00e2t s\u0103 fim o <strong>comunitate mai incluziv\u0103 \u0219i solidar\u0103<\/strong>, \u00een care fiecare familie s\u0103 aib\u0103 \u0219anse egale \u0219i reale de dezvoltare, cre\u0103m produse media &#8211; video, care ofer\u0103 o imagine evocativ\u0103 asupra subiectului abordat.<\/p><p>Activit\u0103\u021bi similare desf\u0103\u0219oar\u0103 \u00een paralel \u0219i <strong>funda\u021bia KORINTA<\/strong>, partnerul nostru din Szeged pentru familiile deservite de ei. Iar prin <strong>schimburi de experien\u021b\u0103<\/strong> \u00eenv\u0103\u021b\u0103m \u0219i ne inspir\u0103m unii de la al\u021bii.<\/p><p>E doar un \u00eenceput de drum, dar ne angaj\u0103m s\u0103 continu\u0103m s\u0103 g\u0103sim \u00een fiecare zi solu\u021bii mai bune pentru ca \u201dnormalul\u201d s\u0103 fie un concept care apar\u021bine tuturor.<\/p><p><strong><em>Echipa de proiect CARE4U<\/em><\/strong><\/p>\t\t\t\t\t\t\t\t<\/div>\n\t\t\t\t<\/div>\n\t\t\t\t\t<\/div>\n\t\t\t\t<\/div>\n\t\t<div class=\"elementor-element elementor-element-bb363d8 e-flex e-con-boxed e-con e-parent\" data-id=\"bb363d8\" data-element_type=\"container\" data-e-type=\"container\">\n\t\t\t\t\t<div class=\"e-con-inner\">\n\t\t\t\t<div class=\"elementor-element elementor-element-a718285 elementor-widget elementor-widget-video\" data-id=\"a718285\" data-element_type=\"widget\" data-e-type=\"widget\" data-settings=\"{&quot;youtube_url&quot;:&quot;https:\\\/\\\/www.youtube.com\\\/watch?v=DKfVdeM5vUE&quot;,&quot;video_type&quot;:&quot;youtube&quot;}\" data-widget_type=\"video.default\">\n\t\t\t\t<div class=\"elementor-widget-container\">\n\t\t\t\t\t\t\t<div class=\"elementor-wrapper elementor-open-inline\">\n\t\t\t<div class=\"elementor-video\"><\/div>\t\t<\/div>\n\t\t\t\t\t\t<\/div>\n\t\t\t\t<\/div>\n\t\t\t\t\t<\/div>\n\t\t\t\t<\/div>\n\t\t\t\t<\/div>\n\t\t","protected":false},"excerpt":{"rendered":"<p>CARE4U \u2013 Abordare comunitar\u0103 pentru adul\u021bi care lucreaz\u0103 \u00een preven\u021bia dizabilit\u0103\u021bii la copiii mici Noi, Direc\u021bia de Asisten\u021b\u0103 Social\u0103 a Municipiului timi\u0219oara, \u00een calitate de furnizori publici de servicii sociale, avem printre beneficiarii no\u0219tri copiii cu dizabilit\u0103\u021bi din Timi\u0219oara. De nevoile lor ne ocup\u0103m la Centrul de Recuperare pentru Copii cu Dizabilit\u0103\u021bi \u201ePodul Lung\u201d, cu [&hellip;]<\/p>\n","protected":false},"author":1,"featured_media":0,"parent":0,"menu_order":0,"comment_status":"closed","ping_status":"closed","template":"elementor_theme","meta":{"site-sidebar-layout":"default","site-content-layout":"","ast-site-content-layout":"default","site-content-style":"default","site-sidebar-style":"default","ast-global-header-display":"","ast-banner-title-visibility":"","ast-main-header-display":"","ast-hfb-above-header-display":"","ast-hfb-below-header-display":"","ast-hfb-mobile-header-display":"","site-post-title":"","ast-breadcrumbs-content":"","ast-featured-img":"","footer-sml-layout":"","theme-transparent-header-meta":"default","adv-header-id-meta":"","stick-header-meta":"","header-above-stick-meta":"","header-main-stick-meta":"","header-below-stick-meta":"","astra-migrate-meta-layouts":"set","ast-page-background-enabled":"default","ast-page-background-meta":{"desktop":{"background-color":"","background-image":"","background-repeat":"repeat","background-position":"center center","background-size":"auto","background-attachment":"scroll","background-type":"","background-media":"","overlay-type":"","overlay-color":"","overlay-opacity":"","overlay-gradient":""},"tablet":{"background-color":"","background-image":"","background-repeat":"repeat","background-position":"center center","background-size":"auto","background-attachment":"scroll","background-type":"","background-media":"","overlay-type":"","overlay-color":"","overlay-opacity":"","overlay-gradient":""},"mobile":{"background-color":"","background-image":"","background-repeat":"repeat","background-position":"center center","background-size":"auto","background-attachment":"scroll","background-type":"","background-media":"","overlay-type":"","overlay-color":"","overlay-opacity":"","overlay-gradient":""}},"ast-content-background-meta":{"desktop":{"background-color":"var(--ast-global-color-5)","background-image":"","background-repeat":"repeat","background-position":"center center","background-size":"auto","background-attachment":"scroll","background-type":"","background-media":"","overlay-type":"","overlay-color":"","overlay-opacity":"","overlay-gradient":""},"tablet":{"background-color":"var(--ast-global-color-5)","background-image":"","background-repeat":"repeat","background-position":"center center","background-size":"auto","background-attachment":"scroll","background-type":"","background-media":"","overlay-type":"","overlay-color":"","overlay-opacity":"","overlay-gradient":""},"mobile":{"background-color":"var(--ast-global-color-5)","background-image":"","background-repeat":"repeat","background-position":"center center","background-size":"auto","background-attachment":"scroll","background-type":"","background-media":"","overlay-type":"","overlay-color":"","overlay-opacity":"","overlay-gradient":""}},"footnotes":""},"class_list":["post-14","page","type-page","status-publish","hentry"],"_links":{"self":[{"href":"https:\/\/socialtm.ro\/CARE4U\/wp-json\/wp\/v2\/pages\/14","targetHints":{"allow":["GET"]}}],"collection":[{"href":"https:\/\/socialtm.ro\/CARE4U\/wp-json\/wp\/v2\/pages"}],"about":[{"href":"https:\/\/socialtm.ro\/CARE4U\/wp-json\/wp\/v2\/types\/page"}],"author":[{"embeddable":true,"href":"https:\/\/socialtm.ro\/CARE4U\/wp-json\/wp\/v2\/users\/1"}],"replies":[{"embeddable":true,"href":"https:\/\/socialtm.ro\/CARE4U\/wp-json\/wp\/v2\/comments?post=14"}],"version-history":[{"count":53,"href":"https:\/\/socialtm.ro\/CARE4U\/wp-json\/wp\/v2\/pages\/14\/revisions"}],"predecessor-version":[{"id":4289,"href":"https:\/\/socialtm.ro\/CARE4U\/wp-json\/wp\/v2\/pages\/14\/revisions\/4289"}],"wp:attachment":[{"href":"https:\/\/socialtm.ro\/CARE4U\/wp-json\/wp\/v2\/media?parent=14"}],"curies":[{"name":"wp","href":"https:\/\/api.w.org\/{rel}","templated":true}]}}